{"id":608,"date":"2024-05-06T14:28:43","date_gmt":"2024-05-06T12:28:43","guid":{"rendered":"https:\/\/www.sa-urg.eu\/?page_id=608"},"modified":"2026-01-26T10:44:41","modified_gmt":"2026-01-26T09:44:41","slug":"actualidad","status":"publish","type":"page","link":"https:\/\/www.sa-urg.eu\/en\/actualidad\/","title":{"rendered":"News"},"content":{"rendered":"<div class=\"wp-block-cover alignfull has-parallax\" style=\"min-height:550px;aspect-ratio:unset;\"><span aria-hidden=\"true\" class=\"wp-block-cover__background has-primary-background-color has-background-dim\"><\/span><div class=\"wp-block-cover__image-background wp-image-472 has-parallax\" style=\"background-position:50% 50%;background-image:url(http:\/\/www.sa-urg.eu\/wp-content\/uploads\/2024\/04\/Noticias_01.png)\"><\/div><div class=\"wp-block-cover__inner-container is-layout-flow wp-block-cover-is-layout-flow\">\n<p class=\"has-text-align-center has-white-color has-text-color has-link-color wp-elements-d7edf04e61935235b7810a87ed73a212\" style=\"font-size:clamp(37.821px, 2.364rem + ((1vw - 3.2px) * 3.352), 70px);font-style:normal;font-weight:900\"><strong><a href=\"https:\/\/www.sa-urg.eu\/en\/\" data-type=\"link\" data-id=\"https:\/\/www.sa-urg.eu\/\">SA-URG<\/a><\/strong><\/p>\n\n\n\n<div class=\"wp-block-buttons is-content-justification-center is-layout-flex wp-container-core-buttons-is-layout-a89b3969 wp-block-buttons-is-layout-flex\"><\/div>\n<\/div><\/div>\n\n\n\n<div style=\"height:0px\" aria-hidden=\"true\" class=\"wp-block-spacer\"><\/div>\n\n\n\n<div class=\"wp-block-columns is-layout-flex wp-container-core-columns-is-layout-28f84493 wp-block-columns-is-layout-flex\">\n<div class=\"wp-block-column is-layout-flow wp-block-column-is-layout-flow\"><\/div>\n<\/div>\n\n\n\n<div id=\"news\" class=\"wp-block-group has-global-padding is-layout-constrained wp-block-group-is-layout-constrained\">\n<h2 class=\"wp-block-heading has-text-align-left\">Latest News<\/h2>\n\n\n\n<div style=\"height:33px\" aria-hidden=\"true\" class=\"wp-block-spacer\"><\/div>\n\n\n\n<div class=\"wp-block-query is-layout-flow wp-block-query-is-layout-flow\"><ul class=\"columns-3 wp-block-post-template is-layout-grid wp-container-core-post-template-is-layout-6aac66c0 wp-block-post-template-is-layout-grid\"><li class=\"wp-block-post post-2577 post type-post status-publish format-standard has-post-thumbnail hentry category-sin-categoria-es\">\n<figure style=\"width:100%;height:240px; margin-bottom:var(--wp--preset--spacing--x-small);\" class=\"wp-block-post-featured-image\"><a href=\"https:\/\/www.sa-urg.eu\/en\/2026\/01\/26\/sa-urg-organiza-su-segunda-formacion-inmersiva-en-el-centro-sens-del-chu-de-toulouse\/\" target=\"_self\"  style=\"height:240px\"><img loading=\"lazy\" decoding=\"async\" width=\"2048\" height=\"1536\" src=\"https:\/\/www.sa-urg.eu\/wp-content\/uploads\/2026\/01\/2.-formation.jpeg\" class=\"attachment-post-thumbnail size-post-thumbnail wp-post-image\" alt=\"SA-URG organiza su segunda formaci\u00f3n inmersiva en el centro SENS del CHU de Toulouse\" style=\"border-radius:5px;height:240px;object-fit:cover;\" srcset=\"https:\/\/www.sa-urg.eu\/wp-content\/uploads\/2026\/01\/2.-formation.jpeg 2048w, https:\/\/www.sa-urg.eu\/wp-content\/uploads\/2026\/01\/2.-formation-300x225.jpeg 300w, https:\/\/www.sa-urg.eu\/wp-content\/uploads\/2026\/01\/2.-formation-1024x768.jpeg 1024w, https:\/\/www.sa-urg.eu\/wp-content\/uploads\/2026\/01\/2.-formation-2000x1500.jpeg 2000w, https:\/\/www.sa-urg.eu\/wp-content\/uploads\/2026\/01\/2.-formation-16x12.jpeg 16w\" sizes=\"auto, 100vw\" \/><\/a><\/figure>\n\n<div style=\"margin-top:0;margin-bottom:0;\" class=\"has-link-color wp-elements-a1817b6b9e4eaefd5826fde68b0a8fdb wp-block-post-date has-text-color has-tertiary-color\"><time datetime=\"2026-01-26T10:43:17+01:00\">January 26, 2026<\/time><\/div>\n\n<h3 style=\"margin-top:0;margin-bottom:var(--wp--preset--spacing--x-small);\" class=\"has-link-color wp-elements-2e75b4e4fab489cf445e03eda13279d1 wp-block-post-title\"><a href=\"https:\/\/www.sa-urg.eu\/en\/2026\/01\/26\/sa-urg-organiza-su-segunda-formacion-inmersiva-en-el-centro-sens-del-chu-de-toulouse\/\" target=\"_self\" >SA-URG organizes its second immersive training at the SENS center of the CHU of Toulouse<\/a><\/h3>\n\n<div class=\"has-link-color wp-elements-61eeeb1d6c31f3761cb8bc35b6e1a095 wp-block-post-excerpt has-text-color has-tertiary-color\"><p class=\"wp-block-post-excerpt__excerpt\">SA-URG holds its second immersive training at the SENS center of the CHU of Toulouse to prepare the future Pyrenean cross-border mobile emergency team. The European project SA-URG has organized, at the end of 2025, its second immersive... <\/p><\/div>\n\n<a style=\"text-transform:uppercase; border-width:2px; padding-right:var(--wp--preset--spacing--x-small);padding-left:var(--wp--preset--spacing--x-small);padding-top:10px;padding-bottom:10px;\" class=\"wp-block-read-more has-text-color has-foreground-color\" href=\"https:\/\/www.sa-urg.eu\/en\/2026\/01\/26\/sa-urg-organiza-su-segunda-formacion-inmersiva-en-el-centro-sens-del-chu-de-toulouse\/\" target=\"_self\">Read more<span class=\"screen-reader-text\">SA-URG organizes its second immersive training at the SENS center of the CHU of Toulouse<\/span><\/a>\n<\/li><li class=\"wp-block-post post-2567 post type-post status-publish format-standard has-post-thumbnail hentry category-actualidad\">\n<figure style=\"width:100%;height:240px; margin-bottom:var(--wp--preset--spacing--x-small);\" class=\"wp-block-post-featured-image\"><a href=\"https:\/\/www.sa-urg.eu\/en\/2025\/11\/04\/la-cooperacion-transfronteriza-un-tema-abordado-en-el-congreso-nacional-de-los-smur-pediatricos-2025\/\" target=\"_self\"  style=\"height:240px\"><img loading=\"lazy\" decoding=\"async\" width=\"1200\" height=\"797\" src=\"https:\/\/www.sa-urg.eu\/wp-content\/uploads\/2025\/11\/Espace_de_locean_-_anglet.jpg\" class=\"attachment-post-thumbnail size-post-thumbnail wp-post-image\" alt=\"La cooperaci\u00f3n transfronteriza, un tema abordado en el congreso nacional de los SMUR pedi\u00e1tricos 2025\" style=\"border-radius:5px;height:240px;object-fit:cover;\" srcset=\"https:\/\/www.sa-urg.eu\/wp-content\/uploads\/2025\/11\/Espace_de_locean_-_anglet.jpg 1200w, https:\/\/www.sa-urg.eu\/wp-content\/uploads\/2025\/11\/Espace_de_locean_-_anglet-300x199.jpg 300w, https:\/\/www.sa-urg.eu\/wp-content\/uploads\/2025\/11\/Espace_de_locean_-_anglet-1024x680.jpg 1024w, https:\/\/www.sa-urg.eu\/wp-content\/uploads\/2025\/11\/Espace_de_locean_-_anglet-18x12.jpg 18w\" sizes=\"auto, 100vw\" \/><\/a><\/figure>\n\n<div style=\"margin-top:0;margin-bottom:0;\" class=\"has-link-color wp-elements-a1817b6b9e4eaefd5826fde68b0a8fdb wp-block-post-date has-text-color has-tertiary-color\"><time datetime=\"2025-11-04T10:03:11+01:00\">November 4, 2025<\/time><\/div>\n\n<h3 style=\"margin-top:0;margin-bottom:var(--wp--preset--spacing--x-small);\" class=\"has-link-color wp-elements-2e75b4e4fab489cf445e03eda13279d1 wp-block-post-title\"><a href=\"https:\/\/www.sa-urg.eu\/en\/2025\/11\/04\/la-cooperacion-transfronteriza-un-tema-abordado-en-el-congreso-nacional-de-los-smur-pediatricos-2025\/\" target=\"_self\" >Cross-border cooperation, an issue addressed at the national congress of pediatric SMUR 2025<\/a><\/h3>\n\n<div class=\"has-link-color wp-elements-61eeeb1d6c31f3761cb8bc35b6e1a095 wp-block-post-excerpt has-text-color has-tertiary-color\"><p class=\"wp-block-post-excerpt__excerpt\">On 16 and 17 October 2025, the Espace de l'Oc\u00e9an in Anglet hosted the 12th edition of the National Pediatric SMUR Days. Health professionals, emergency physicians and institutional actors met in Anglet to discuss the... <\/p><\/div>\n\n<a style=\"text-transform:uppercase; border-width:2px; padding-right:var(--wp--preset--spacing--x-small);padding-left:var(--wp--preset--spacing--x-small);padding-top:10px;padding-bottom:10px;\" class=\"wp-block-read-more has-text-color has-foreground-color\" href=\"https:\/\/www.sa-urg.eu\/en\/2025\/11\/04\/la-cooperacion-transfronteriza-un-tema-abordado-en-el-congreso-nacional-de-los-smur-pediatricos-2025\/\" target=\"_self\">Read more<span class=\"screen-reader-text\">Read more : Cross-border cooperation, a topic addressed at the national congress of the pediatric SMUR 2025<\/span><\/a>\n<\/li><li class=\"wp-block-post post-2455 post type-post status-publish format-standard has-post-thumbnail hentry category-actualidad\">\n<figure style=\"width:100%;height:240px; margin-bottom:var(--wp--preset--spacing--x-small);\" class=\"wp-block-post-featured-image\"><a href=\"https:\/\/www.sa-urg.eu\/en\/2025\/07\/17\/participacion-de-los-socios-de-sa-urg-en-el-dispositivo-sanitario-de-los-encierros-de-san-fermin-2025\/\" target=\"_self\"  style=\"height:240px\"><img loading=\"lazy\" decoding=\"async\" width=\"500\" height=\"391\" src=\"https:\/\/www.sa-urg.eu\/wp-content\/uploads\/2025\/07\/Foto-grupo-plaza_imagen-destacada.jpg\" class=\"attachment-post-thumbnail size-post-thumbnail wp-post-image\" alt=\"Participaci\u00f3n de los socios de SA-URG en el dispositivo sanitario de los encierros de San Ferm\u00edn 2025\" style=\"border-radius:5px;height:240px;object-fit:cover;\" srcset=\"https:\/\/www.sa-urg.eu\/wp-content\/uploads\/2025\/07\/Foto-grupo-plaza_imagen-destacada.jpg 500w, https:\/\/www.sa-urg.eu\/wp-content\/uploads\/2025\/07\/Foto-grupo-plaza_imagen-destacada-300x235.jpg 300w, https:\/\/www.sa-urg.eu\/wp-content\/uploads\/2025\/07\/Foto-grupo-plaza_imagen-destacada-15x12.jpg 15w\" sizes=\"auto, 100vw\" \/><\/a><\/figure>\n\n<div style=\"margin-top:0;margin-bottom:0;\" class=\"has-link-color wp-elements-a1817b6b9e4eaefd5826fde68b0a8fdb wp-block-post-date has-text-color has-tertiary-color\"><time datetime=\"2025-07-17T12:49:38+02:00\">July 17, 2025<\/time><\/div>\n\n<h3 style=\"margin-top:0;margin-bottom:var(--wp--preset--spacing--x-small);\" class=\"has-link-color wp-elements-2e75b4e4fab489cf445e03eda13279d1 wp-block-post-title\"><a href=\"https:\/\/www.sa-urg.eu\/en\/2025\/07\/17\/participacion-de-los-socios-de-sa-urg-en-el-dispositivo-sanitario-de-los-encierros-de-san-fermin-2025\/\" target=\"_self\" >Participation of SA-URG partners in the San Ferm\u00edn 2025 running of the bulls medical response device<\/a><\/h3>\n\n<div class=\"has-link-color wp-elements-61eeeb1d6c31f3761cb8bc35b6e1a095 wp-block-post-excerpt has-text-color has-tertiary-color\"><p class=\"wp-block-post-excerpt__excerpt\">Between July 7 and 14, 2025, several health professionals belonging to the partners of the SA-URG project participated as observers in the health device of the San Fermin running of the bulls in Pamplona. This activity was carried out in... <\/p><\/div>\n\n<a style=\"text-transform:uppercase; border-width:2px; padding-right:var(--wp--preset--spacing--x-small);padding-left:var(--wp--preset--spacing--x-small);padding-top:10px;padding-bottom:10px;\" class=\"wp-block-read-more has-text-color has-foreground-color\" href=\"https:\/\/www.sa-urg.eu\/en\/2025\/07\/17\/participacion-de-los-socios-de-sa-urg-en-el-dispositivo-sanitario-de-los-encierros-de-san-fermin-2025\/\" target=\"_self\">Read more<span class=\"screen-reader-text\">SA-URG members' participation in the sanitary device of the San Ferm\u00edn 2025 running of the bulls.<\/span><\/a>\n<\/li><li class=\"wp-block-post post-2425 post type-post status-publish format-standard has-post-thumbnail hentry category-actualidad\">\n<figure style=\"width:100%;height:240px; margin-bottom:var(--wp--preset--spacing--x-small);\" class=\"wp-block-post-featured-image\"><a href=\"https:\/\/www.sa-urg.eu\/en\/2025\/06\/11\/primera-formacion-inmersiva-del-proyecto-sa-urg-entrenarse-y-cooperar-para-intervenir-mejor-en-situaciones-de-emergencia-transfronteriza\/\" target=\"_self\"  style=\"height:240px\"><img loading=\"lazy\" decoding=\"async\" width=\"2560\" height=\"1920\" src=\"https:\/\/www.sa-urg.eu\/wp-content\/uploads\/2025\/06\/IMG_1531-scaled.jpeg\" class=\"attachment-post-thumbnail size-post-thumbnail wp-post-image\" alt=\"Primera formaci\u00f3n inmersiva del proyecto SA-URG: entrenarse y cooperar para intervenir mejor en situaciones de emergencia transfronteriza\" style=\"border-radius:5px;height:240px;object-fit:cover;\" srcset=\"https:\/\/www.sa-urg.eu\/wp-content\/uploads\/2025\/06\/IMG_1531-scaled.jpeg 2560w, https:\/\/www.sa-urg.eu\/wp-content\/uploads\/2025\/06\/IMG_1531-300x225.jpeg 300w, https:\/\/www.sa-urg.eu\/wp-content\/uploads\/2025\/06\/IMG_1531-1024x768.jpeg 1024w, https:\/\/www.sa-urg.eu\/wp-content\/uploads\/2025\/06\/IMG_1531-2000x1500.jpeg 2000w, https:\/\/www.sa-urg.eu\/wp-content\/uploads\/2025\/06\/IMG_1531-scaled-16x12.jpeg 16w\" sizes=\"auto, 100vw\" \/><\/a><\/figure>\n\n<div style=\"margin-top:0;margin-bottom:0;\" class=\"has-link-color wp-elements-a1817b6b9e4eaefd5826fde68b0a8fdb wp-block-post-date has-text-color has-tertiary-color\"><time datetime=\"2025-06-11T16:02:34+02:00\">June 11, 2025<\/time><\/div>\n\n<h3 style=\"margin-top:0;margin-bottom:var(--wp--preset--spacing--x-small);\" class=\"has-link-color wp-elements-2e75b4e4fab489cf445e03eda13279d1 wp-block-post-title\"><a href=\"https:\/\/www.sa-urg.eu\/en\/2025\/06\/11\/primera-formacion-inmersiva-del-proyecto-sa-urg-entrenarse-y-cooperar-para-intervenir-mejor-en-situaciones-de-emergencia-transfronteriza\/\" target=\"_self\" >First immersive training of the SA-URG project: training and cooperation to better intervene in cross-border emergency situations<\/a><\/h3>\n\n<div class=\"has-link-color wp-elements-61eeeb1d6c31f3761cb8bc35b6e1a095 wp-block-post-excerpt has-text-color has-tertiary-color\"><p class=\"wp-block-post-excerpt__excerpt\">On April 29 and 30, the University Hospital Center (CHU) of Toulouse Purpan hosted the first training session of the European project POCTEFA SA-URG, a major initiative to strengthen the response to emergency and disaster situations in the field of... <\/p><\/div>\n\n<a style=\"text-transform:uppercase; border-width:2px; padding-right:var(--wp--preset--spacing--x-small);padding-left:var(--wp--preset--spacing--x-small);padding-top:10px;padding-bottom:10px;\" class=\"wp-block-read-more has-text-color has-foreground-color\" href=\"https:\/\/www.sa-urg.eu\/en\/2025\/06\/11\/primera-formacion-inmersiva-del-proyecto-sa-urg-entrenarse-y-cooperar-para-intervenir-mejor-en-situaciones-de-emergencia-transfronteriza\/\" target=\"_self\">Read more<span class=\"screen-reader-text\">First immersive training of the SA-URG project: training and cooperation to better intervene in cross-border emergency situations<\/span><\/a>\n<\/li><li class=\"wp-block-post post-2279 post type-post status-publish format-standard has-post-thumbnail hentry category-actualidad\">\n<figure style=\"width:100%;height:240px; margin-bottom:var(--wp--preset--spacing--x-small);\" class=\"wp-block-post-featured-image\"><a href=\"https:\/\/www.sa-urg.eu\/en\/2025\/03\/20\/de-la-necesidad-de-la-cooperacion-transfronteriza-de-urgencia-sanitaria-balance-y-conclusiones-del-accidente-de-autobus-en-porte-puymorens\/\" target=\"_self\"  style=\"height:240px\"><img loading=\"lazy\" decoding=\"async\" width=\"425\" height=\"240\" src=\"https:\/\/www.sa-urg.eu\/wp-content\/uploads\/2025\/03\/autobus.jpg\" class=\"attachment-post-thumbnail size-post-thumbnail wp-post-image\" alt=\"De la necesidad de la cooperaci\u00f3n transfronteriza de urgencia sanitaria: balance y conclusiones del accidente de autob\u00fas en Port\u00e9-Puymorens\" style=\"border-radius:5px;height:240px;object-fit:cover;\" srcset=\"https:\/\/www.sa-urg.eu\/wp-content\/uploads\/2025\/03\/autobus.jpg 425w, https:\/\/www.sa-urg.eu\/wp-content\/uploads\/2025\/03\/autobus-300x169.jpg 300w, https:\/\/www.sa-urg.eu\/wp-content\/uploads\/2025\/03\/autobus-18x10.jpg 18w\" sizes=\"auto, 100vw\" \/><\/a><\/figure>\n\n<div style=\"margin-top:0;margin-bottom:0;\" class=\"has-link-color wp-elements-a1817b6b9e4eaefd5826fde68b0a8fdb wp-block-post-date has-text-color has-tertiary-color\"><time datetime=\"2025-03-20T12:29:02+01:00\">March 20, 2025<\/time><\/div>\n\n<h3 style=\"margin-top:0;margin-bottom:var(--wp--preset--spacing--x-small);\" class=\"has-link-color wp-elements-2e75b4e4fab489cf445e03eda13279d1 wp-block-post-title\"><a href=\"https:\/\/www.sa-urg.eu\/en\/2025\/03\/20\/de-la-necesidad-de-la-cooperacion-transfronteriza-de-urgencia-sanitaria-balance-y-conclusiones-del-accidente-de-autobus-en-porte-puymorens\/\" target=\"_self\" >The need for cross-border cooperation in health emergencies: feedback from the bus accident at Port\u00e9-Puymorens<\/a><\/h3>\n\n<div class=\"has-link-color wp-elements-61eeeb1d6c31f3761cb8bc35b6e1a095 wp-block-post-excerpt has-text-color has-tertiary-color\"><p class=\"wp-block-post-excerpt__excerpt\">On December 1, 2024, a tragic car accident on the RN 320 at Port\u00e9-Puymorens put cross-border rescue systems to the test. A Spanish coach returning from Andorra crashed into a rocky wall, causing... <\/p><\/div>\n\n<a style=\"text-transform:uppercase; border-width:2px; padding-right:var(--wp--preset--spacing--x-small);padding-left:var(--wp--preset--spacing--x-small);padding-top:10px;padding-bottom:10px;\" class=\"wp-block-read-more has-text-color has-foreground-color\" href=\"https:\/\/www.sa-urg.eu\/en\/2025\/03\/20\/de-la-necesidad-de-la-cooperacion-transfronteriza-de-urgencia-sanitaria-balance-y-conclusiones-del-accidente-de-autobus-en-porte-puymorens\/\" target=\"_self\">Read more<span class=\"screen-reader-text\">On the need for cross-border cooperation in health emergencies: assessment and conclusions of the bus accident in Port\u00e9-Puymorens<\/span><\/a>\n<\/li><li class=\"wp-block-post post-993 post type-post status-publish format-standard has-post-thumbnail hentry category-actualidad\">\n<figure style=\"width:100%;height:240px; margin-bottom:var(--wp--preset--spacing--x-small);\" class=\"wp-block-post-featured-image\"><a href=\"https:\/\/www.sa-urg.eu\/en\/2024\/12\/05\/seguimiento-del-proyecto-y-experiencias-navarras\/\" target=\"_self\"  style=\"height:240px\"><img loading=\"lazy\" decoding=\"async\" width=\"600\" height=\"400\" src=\"https:\/\/www.sa-urg.eu\/wp-content\/uploads\/2024\/12\/cabecera_noticia.jpg\" class=\"attachment-post-thumbnail size-post-thumbnail wp-post-image\" alt=\"Seguimiento del proyecto y experiencias navarras\" style=\"border-radius:5px;height:240px;object-fit:cover;\" srcset=\"https:\/\/www.sa-urg.eu\/wp-content\/uploads\/2024\/12\/cabecera_noticia.jpg 600w, https:\/\/www.sa-urg.eu\/wp-content\/uploads\/2024\/12\/cabecera_noticia-300x200.jpg 300w, https:\/\/www.sa-urg.eu\/wp-content\/uploads\/2024\/12\/cabecera_noticia-18x12.jpg 18w\" sizes=\"auto, 100vw\" \/><\/a><\/figure>\n\n<div style=\"margin-top:0;margin-bottom:0;\" class=\"has-link-color wp-elements-a1817b6b9e4eaefd5826fde68b0a8fdb wp-block-post-date has-text-color has-tertiary-color\"><time datetime=\"2024-12-05T13:35:18+01:00\">December 5, 2024<\/time><\/div>\n\n<h3 style=\"margin-top:0;margin-bottom:var(--wp--preset--spacing--x-small);\" class=\"has-link-color wp-elements-2e75b4e4fab489cf445e03eda13279d1 wp-block-post-title\"><a href=\"https:\/\/www.sa-urg.eu\/en\/2024\/12\/05\/seguimiento-del-proyecto-y-experiencias-navarras\/\" target=\"_self\" >Project follow-up and experiences in Navarra<\/a><\/h3>\n\n<div class=\"has-link-color wp-elements-61eeeb1d6c31f3761cb8bc35b6e1a095 wp-block-post-excerpt has-text-color has-tertiary-color\"><p class=\"wp-block-post-excerpt__excerpt\">On November 27th and 28th, 2014, the partners of the SA-URG project met at the Navarrabiomed facilities in Pamplona-Iru\u00f1a in order to carry out a detailed follow-up of the project development. During the meeting,... <\/p><\/div>\n\n<a style=\"text-transform:uppercase; border-width:2px; padding-right:var(--wp--preset--spacing--x-small);padding-left:var(--wp--preset--spacing--x-small);padding-top:10px;padding-bottom:10px;\" class=\"wp-block-read-more has-text-color has-foreground-color\" href=\"https:\/\/www.sa-urg.eu\/en\/2024\/12\/05\/seguimiento-del-proyecto-y-experiencias-navarras\/\" target=\"_self\">Read more<span class=\"screen-reader-text\">Project monitoring and experiences in Navarre<\/span><\/a>\n<\/li><li class=\"wp-block-post post-971 post type-post status-publish format-standard has-post-thumbnail hentry category-actualidad\">\n<figure style=\"width:100%;height:240px; margin-bottom:var(--wp--preset--spacing--x-small);\" class=\"wp-block-post-featured-image\"><a href=\"https:\/\/www.sa-urg.eu\/en\/2024\/08\/14\/la-primera-reunion-de-trabajo-en-bayona-asienta-las-bases-del-proyecto-sa-urg\/\" target=\"_self\"  style=\"height:240px\"><img loading=\"lazy\" decoding=\"async\" width=\"417\" height=\"417\" src=\"https:\/\/www.sa-urg.eu\/wp-content\/uploads\/2024\/08\/cabecera_noticia_bayona_417x417.jpg\" class=\"attachment-post-thumbnail size-post-thumbnail wp-post-image\" alt=\"La primera reuni\u00f3n de trabajo en Bayona asienta las bases del proyecto SA-URG\" style=\"border-radius:5px;height:240px;object-fit:cover;\" srcset=\"https:\/\/www.sa-urg.eu\/wp-content\/uploads\/2024\/08\/cabecera_noticia_bayona_417x417.jpg 417w, https:\/\/www.sa-urg.eu\/wp-content\/uploads\/2024\/08\/cabecera_noticia_bayona_417x417-300x300.jpg 300w, https:\/\/www.sa-urg.eu\/wp-content\/uploads\/2024\/08\/cabecera_noticia_bayona_417x417-150x150.jpg 150w, https:\/\/www.sa-urg.eu\/wp-content\/uploads\/2024\/08\/cabecera_noticia_bayona_417x417-12x12.jpg 12w\" sizes=\"auto, 100vw\" \/><\/a><\/figure>\n\n<div style=\"margin-top:0;margin-bottom:0;\" class=\"has-link-color wp-elements-a1817b6b9e4eaefd5826fde68b0a8fdb wp-block-post-date has-text-color has-tertiary-color\"><time datetime=\"2024-08-14T13:14:51+02:00\">August 14, 2024<\/time><\/div>\n\n<h3 style=\"margin-top:0;margin-bottom:var(--wp--preset--spacing--x-small);\" class=\"has-link-color wp-elements-2e75b4e4fab489cf445e03eda13279d1 wp-block-post-title\"><a href=\"https:\/\/www.sa-urg.eu\/en\/2024\/08\/14\/la-primera-reunion-de-trabajo-en-bayona-asienta-las-bases-del-proyecto-sa-urg\/\" target=\"_self\" >The first working meeting in Bayonne lays the foundations of the SA-URG project<\/a><\/h3>\n\n<div class=\"has-link-color wp-elements-61eeeb1d6c31f3761cb8bc35b6e1a095 wp-block-post-excerpt has-text-color has-tertiary-color\"><p class=\"wp-block-post-excerpt__excerpt\">The SA-URG partners met in Bayonne to launch the project's actions. This first meeting was a good opportunity for each partner to present the emergency health organization in their area before... <\/p><\/div>\n\n<a style=\"text-transform:uppercase; border-width:2px; padding-right:var(--wp--preset--spacing--x-small);padding-left:var(--wp--preset--spacing--x-small);padding-top:10px;padding-bottom:10px;\" class=\"wp-block-read-more has-text-color has-foreground-color\" href=\"https:\/\/www.sa-urg.eu\/en\/2024\/08\/14\/la-primera-reunion-de-trabajo-en-bayona-asienta-las-bases-del-proyecto-sa-urg\/\" target=\"_self\">Read more<span class=\"screen-reader-text\">: The first working meeting in Bayonne lays the foundations for the SA-URG project<\/span><\/a>\n<\/li><li class=\"wp-block-post post-604 post type-post status-publish format-standard has-post-thumbnail hentry category-actualidad\">\n<figure style=\"width:100%;height:240px; margin-bottom:var(--wp--preset--spacing--x-small);\" class=\"wp-block-post-featured-image\"><a href=\"https:\/\/www.sa-urg.eu\/en\/2024\/05\/06\/sa-urg-una-respuesta-pirenaica-a-los-retos-de-gestion-de-urgencias-en-la-zona-transfronteriza\/\" target=\"_self\"  style=\"height:240px\"><img loading=\"lazy\" decoding=\"async\" width=\"417\" height=\"417\" src=\"https:\/\/www.sa-urg.eu\/wp-content\/uploads\/2024\/05\/cabecera_03-1.jpg\" class=\"attachment-post-thumbnail size-post-thumbnail wp-post-image\" alt=\"SA-URG: una respuesta pirenaica a los retos de gesti\u00f3n de urgencias en la zona transfronteriza\" style=\"border-radius:5px;height:240px;object-fit:cover;\" srcset=\"https:\/\/www.sa-urg.eu\/wp-content\/uploads\/2024\/05\/cabecera_03-1.jpg 417w, https:\/\/www.sa-urg.eu\/wp-content\/uploads\/2024\/05\/cabecera_03-1-300x300.jpg 300w, https:\/\/www.sa-urg.eu\/wp-content\/uploads\/2024\/05\/cabecera_03-1-150x150.jpg 150w, https:\/\/www.sa-urg.eu\/wp-content\/uploads\/2024\/05\/cabecera_03-1-12x12.jpg 12w\" sizes=\"auto, 100vw\" \/><\/a><\/figure>\n\n<div style=\"margin-top:0;margin-bottom:0;\" class=\"has-link-color wp-elements-a1817b6b9e4eaefd5826fde68b0a8fdb wp-block-post-date has-text-color has-tertiary-color\"><time datetime=\"2024-05-06T14:11:35+02:00\">May 6, 2024<\/time><\/div>\n\n<h3 style=\"margin-top:0;margin-bottom:var(--wp--preset--spacing--x-small);\" class=\"has-link-color wp-elements-2e75b4e4fab489cf445e03eda13279d1 wp-block-post-title\"><a href=\"https:\/\/www.sa-urg.eu\/en\/2024\/05\/06\/sa-urg-una-respuesta-pirenaica-a-los-retos-de-gestion-de-urgencias-en-la-zona-transfronteriza\/\" target=\"_self\" >SA-URG: a Pyrenean response to the challenges of emergency management in the cross-border area<\/a><\/h3>\n\n<div class=\"has-link-color wp-elements-61eeeb1d6c31f3761cb8bc35b6e1a095 wp-block-post-excerpt has-text-color has-tertiary-color\"><p class=\"wp-block-post-excerpt__excerpt\">The SA-URG project was recently presented during the International Disaster Response Meetings in Toulouse. The official launch of SA-URG took place recently in Toulouse, within the framework of the International Disaster Response Meetings in... <\/p><\/div>\n\n<a style=\"text-transform:uppercase; border-width:2px; padding-right:var(--wp--preset--spacing--x-small);padding-left:var(--wp--preset--spacing--x-small);padding-top:10px;padding-bottom:10px;\" class=\"wp-block-read-more has-text-color has-foreground-color\" href=\"https:\/\/www.sa-urg.eu\/en\/2024\/05\/06\/sa-urg-una-respuesta-pirenaica-a-los-retos-de-gestion-de-urgencias-en-la-zona-transfronteriza\/\" target=\"_self\">Read more<span class=\"screen-reader-text\">SA-URG: a Pyrenean response to the challenges of emergency management in the cross-border area<\/span><\/a>\n<\/li><li class=\"wp-block-post post-25 post type-post status-publish format-standard has-post-thumbnail hentry category-actualidad\">\n<figure style=\"width:100%;height:240px; margin-bottom:var(--wp--preset--spacing--x-small);\" class=\"wp-block-post-featured-image\"><a href=\"https:\/\/www.sa-urg.eu\/en\/2024\/04\/23\/evento\/\" target=\"_self\"  style=\"height:240px\"><img loading=\"lazy\" decoding=\"async\" width=\"600\" height=\"400\" src=\"https:\/\/www.sa-urg.eu\/wp-content\/uploads\/2024\/04\/Cabecera-evento02.jpg\" class=\"attachment-post-thumbnail size-post-thumbnail wp-post-image\" alt=\"Evento: 2\u00ba Encuentros internacionales de respuesta a la cat\u00e1strofe\" style=\"border-radius:5px;height:240px;object-fit:cover;\" srcset=\"https:\/\/www.sa-urg.eu\/wp-content\/uploads\/2024\/04\/Cabecera-evento02.jpg 600w, https:\/\/www.sa-urg.eu\/wp-content\/uploads\/2024\/04\/Cabecera-evento02-300x200.jpg 300w, https:\/\/www.sa-urg.eu\/wp-content\/uploads\/2024\/04\/Cabecera-evento02-18x12.jpg 18w\" sizes=\"auto, 100vw\" \/><\/a><\/figure>\n\n<div style=\"margin-top:0;margin-bottom:0;\" class=\"has-link-color wp-elements-a1817b6b9e4eaefd5826fde68b0a8fdb wp-block-post-date has-text-color has-tertiary-color\"><time datetime=\"2024-04-23T14:49:08+02:00\">April 23rd, 2024<\/time><\/div>\n\n<h3 style=\"margin-top:0;margin-bottom:var(--wp--preset--spacing--x-small);\" class=\"has-link-color wp-elements-2e75b4e4fab489cf445e03eda13279d1 wp-block-post-title\"><a href=\"https:\/\/www.sa-urg.eu\/en\/2024\/04\/23\/evento\/\" target=\"_self\" >Event: 2nd International Disaster Response Meetings<\/a><\/h3>\n\n<div class=\"has-link-color wp-elements-61eeeb1d6c31f3761cb8bc35b6e1a095 wp-block-post-excerpt has-text-color has-tertiary-color\"><p class=\"wp-block-post-excerpt__excerpt\">Events 2nd International Disaster Response Meetings Toulouse from April 24 to 26, 2024 The Toulouse Disaster Response Center (CRC) is organizing the 2nd International Disaster Response Meetings, which... <\/p><\/div>\n\n<a style=\"text-transform:uppercase; border-width:2px; padding-right:var(--wp--preset--spacing--x-small);padding-left:var(--wp--preset--spacing--x-small);padding-top:10px;padding-bottom:10px;\" class=\"wp-block-read-more has-text-color has-foreground-color\" href=\"https:\/\/www.sa-urg.eu\/en\/2024\/04\/23\/evento\/\" target=\"_self\">Read more<span class=\"screen-reader-text\">: Event: 2nd International Disaster Response Conference<\/span><\/a>\n<\/li><\/ul>\n\n<\/div>\n<\/div>","protected":false},"excerpt":{"rendered":"<p>Latest News<\/p>","protected":false},"author":1,"featured_media":0,"parent":0,"menu_order":0,"comment_status":"closed","ping_status":"closed","template":"","meta":{"_themeisle_gutenberg_block_has_review":false,"footnotes":""},"class_list":["post-608","page","type-page","status-publish","hentry"],"_links":{"self":[{"href":"https:\/\/www.sa-urg.eu\/en\/wp-json\/wp\/v2\/pages\/608","targetHints":{"allow":["GET"]}}],"collection":[{"href":"https:\/\/www.sa-urg.eu\/en\/wp-json\/wp\/v2\/pages"}],"about":[{"href":"https:\/\/www.sa-urg.eu\/en\/wp-json\/wp\/v2\/types\/page"}],"author":[{"embeddable":true,"href":"https:\/\/www.sa-urg.eu\/en\/wp-json\/wp\/v2\/users\/1"}],"replies":[{"embeddable":true,"href":"https:\/\/www.sa-urg.eu\/en\/wp-json\/wp\/v2\/comments?post=608"}],"version-history":[{"count":24,"href":"https:\/\/www.sa-urg.eu\/en\/wp-json\/wp\/v2\/pages\/608\/revisions"}],"predecessor-version":[{"id":2561,"href":"https:\/\/www.sa-urg.eu\/en\/wp-json\/wp\/v2\/pages\/608\/revisions\/2561"}],"wp:attachment":[{"href":"https:\/\/www.sa-urg.eu\/en\/wp-json\/wp\/v2\/media?parent=608"}],"curies":[{"name":"wp","href":"https:\/\/api.w.org\/{rel}","templated":true}]}}