{"id":608,"date":"2024-05-06T14:28:43","date_gmt":"2024-05-06T12:28:43","guid":{"rendered":"https:\/\/www.sa-urg.eu\/?page_id=608"},"modified":"2026-01-26T10:44:41","modified_gmt":"2026-01-26T09:44:41","slug":"actualidad","status":"publish","type":"page","link":"https:\/\/www.sa-urg.eu\/es\/actualidad\/","title":{"rendered":"Actualidad"},"content":{"rendered":"\n<div class=\"wp-block-cover alignfull has-parallax\" style=\"min-height:550px;aspect-ratio:unset;\"><span aria-hidden=\"true\" class=\"wp-block-cover__background has-primary-background-color has-background-dim\"><\/span><div class=\"wp-block-cover__image-background wp-image-472 has-parallax\" style=\"background-position:50% 50%;background-image:url(http:\/\/www.sa-urg.eu\/wp-content\/uploads\/2024\/04\/Noticias_01.png)\"><\/div><div class=\"wp-block-cover__inner-container is-layout-flow wp-block-cover-is-layout-flow\">\n<p class=\"has-text-align-center has-white-color has-text-color has-link-color wp-elements-d7edf04e61935235b7810a87ed73a212\" style=\"font-size:clamp(37.821px, 2.364rem + ((1vw - 3.2px) * 3.352), 70px);font-style:normal;font-weight:900\"><strong><a href=\"https:\/\/www.sa-urg.eu\/\" data-type=\"link\" data-id=\"https:\/\/www.sa-urg.eu\/\">SA-URG<\/a><\/strong><\/p>\n\n\n\n<div class=\"wp-block-buttons is-content-justification-center is-layout-flex wp-container-core-buttons-is-layout-a89b3969 wp-block-buttons-is-layout-flex\"><\/div>\n<\/div><\/div>\n\n\n\n<div style=\"height:0px\" aria-hidden=\"true\" class=\"wp-block-spacer\"><\/div>\n\n\n\n<div class=\"wp-block-columns is-layout-flex wp-container-core-columns-is-layout-28f84493 wp-block-columns-is-layout-flex\">\n<div class=\"wp-block-column is-layout-flow wp-block-column-is-layout-flow\"><\/div>\n<\/div>\n\n\n\n<div id=\"news\" class=\"wp-block-group has-global-padding is-layout-constrained wp-block-group-is-layout-constrained\">\n<h2 class=\"wp-block-heading has-text-align-left\">Latest News<\/h2>\n\n\n\n<div style=\"height:33px\" aria-hidden=\"true\" class=\"wp-block-spacer\"><\/div>\n\n\n\n<div class=\"wp-block-query is-layout-flow wp-block-query-is-layout-flow\"><ul class=\"columns-3 wp-block-post-template is-layout-grid wp-container-core-post-template-is-layout-6aac66c0 wp-block-post-template-is-layout-grid\"><li class=\"wp-block-post post-2577 post type-post status-publish format-standard has-post-thumbnail hentry category-sin-categoria-es\">\n<figure style=\"width:100%;height:240px; margin-bottom:var(--wp--preset--spacing--x-small);\" class=\"wp-block-post-featured-image\"><a href=\"https:\/\/www.sa-urg.eu\/es\/2026\/01\/26\/sa-urg-organiza-su-segunda-formacion-inmersiva-en-el-centro-sens-del-chu-de-toulouse\/\" target=\"_self\"  style=\"height:240px\"><img loading=\"lazy\" decoding=\"async\" width=\"2048\" height=\"1536\" src=\"https:\/\/www.sa-urg.eu\/wp-content\/uploads\/2026\/01\/2.-formation.jpeg\" class=\"attachment-post-thumbnail size-post-thumbnail wp-post-image\" alt=\"SA-URG organiza su segunda formaci\u00f3n inmersiva en el centro SENS del CHU de Toulouse\" style=\"border-radius:5px;height:240px;object-fit:cover;\" srcset=\"https:\/\/www.sa-urg.eu\/wp-content\/uploads\/2026\/01\/2.-formation.jpeg 2048w, https:\/\/www.sa-urg.eu\/wp-content\/uploads\/2026\/01\/2.-formation-300x225.jpeg 300w, https:\/\/www.sa-urg.eu\/wp-content\/uploads\/2026\/01\/2.-formation-1024x768.jpeg 1024w, https:\/\/www.sa-urg.eu\/wp-content\/uploads\/2026\/01\/2.-formation-2000x1500.jpeg 2000w, https:\/\/www.sa-urg.eu\/wp-content\/uploads\/2026\/01\/2.-formation-16x12.jpeg 16w\" sizes=\"auto, 100vw\" \/><\/a><\/figure>\n\n<div style=\"margin-top:0;margin-bottom:0;\" class=\"has-link-color wp-elements-a1817b6b9e4eaefd5826fde68b0a8fdb wp-block-post-date has-text-color has-tertiary-color\"><time datetime=\"2026-01-26T10:43:17+01:00\">26 de enero de 2026<\/time><\/div>\n\n<h3 style=\"margin-top:0;margin-bottom:var(--wp--preset--spacing--x-small);\" class=\"has-link-color wp-elements-2e75b4e4fab489cf445e03eda13279d1 wp-block-post-title\"><a href=\"https:\/\/www.sa-urg.eu\/es\/2026\/01\/26\/sa-urg-organiza-su-segunda-formacion-inmersiva-en-el-centro-sens-del-chu-de-toulouse\/\" target=\"_self\" >SA-URG organiza su segunda formaci\u00f3n inmersiva en el centro SENS del CHU de Toulouse<\/a><\/h3>\n\n<div class=\"has-link-color wp-elements-61eeeb1d6c31f3761cb8bc35b6e1a095 wp-block-post-excerpt has-text-color has-tertiary-color\"><p class=\"wp-block-post-excerpt__excerpt\">SA-URG celebra su segunda formaci\u00f3n inmersiva en el centro SENS del CHU de Toulouse para preparar el futuro equipo m\u00f3vil transfronterizo pirenaico de emergencias. El proyecto europeo SA-URG ha organizado, a finales de 2025, su segunda sesi\u00f3n de&hellip; <\/p><\/div>\n\n<a style=\"text-transform:uppercase; border-width:2px; padding-right:var(--wp--preset--spacing--x-small);padding-left:var(--wp--preset--spacing--x-small);padding-top:10px;padding-bottom:10px;\" class=\"wp-block-read-more has-text-color has-foreground-color\" href=\"https:\/\/www.sa-urg.eu\/es\/2026\/01\/26\/sa-urg-organiza-su-segunda-formacion-inmersiva-en-el-centro-sens-del-chu-de-toulouse\/\" target=\"_self\">Leer m\u00e1s<span class=\"screen-reader-text\">: SA-URG organiza su segunda formaci\u00f3n inmersiva en el centro SENS del CHU de Toulouse<\/span><\/a>\n<\/li><li class=\"wp-block-post post-2567 post type-post status-publish format-standard has-post-thumbnail hentry category-actualidad\">\n<figure style=\"width:100%;height:240px; margin-bottom:var(--wp--preset--spacing--x-small);\" class=\"wp-block-post-featured-image\"><a href=\"https:\/\/www.sa-urg.eu\/es\/2025\/11\/04\/la-cooperacion-transfronteriza-un-tema-abordado-en-el-congreso-nacional-de-los-smur-pediatricos-2025\/\" target=\"_self\"  style=\"height:240px\"><img loading=\"lazy\" decoding=\"async\" width=\"1200\" height=\"797\" src=\"https:\/\/www.sa-urg.eu\/wp-content\/uploads\/2025\/11\/Espace_de_locean_-_anglet.jpg\" class=\"attachment-post-thumbnail size-post-thumbnail wp-post-image\" alt=\"La cooperaci\u00f3n transfronteriza, un tema abordado en el congreso nacional de los SMUR pedi\u00e1tricos 2025\" style=\"border-radius:5px;height:240px;object-fit:cover;\" srcset=\"https:\/\/www.sa-urg.eu\/wp-content\/uploads\/2025\/11\/Espace_de_locean_-_anglet.jpg 1200w, https:\/\/www.sa-urg.eu\/wp-content\/uploads\/2025\/11\/Espace_de_locean_-_anglet-300x199.jpg 300w, https:\/\/www.sa-urg.eu\/wp-content\/uploads\/2025\/11\/Espace_de_locean_-_anglet-1024x680.jpg 1024w, https:\/\/www.sa-urg.eu\/wp-content\/uploads\/2025\/11\/Espace_de_locean_-_anglet-18x12.jpg 18w\" sizes=\"auto, 100vw\" \/><\/a><\/figure>\n\n<div style=\"margin-top:0;margin-bottom:0;\" class=\"has-link-color wp-elements-a1817b6b9e4eaefd5826fde68b0a8fdb wp-block-post-date has-text-color has-tertiary-color\"><time datetime=\"2025-11-04T10:03:11+01:00\">4 de noviembre de 2025<\/time><\/div>\n\n<h3 style=\"margin-top:0;margin-bottom:var(--wp--preset--spacing--x-small);\" class=\"has-link-color wp-elements-2e75b4e4fab489cf445e03eda13279d1 wp-block-post-title\"><a href=\"https:\/\/www.sa-urg.eu\/es\/2025\/11\/04\/la-cooperacion-transfronteriza-un-tema-abordado-en-el-congreso-nacional-de-los-smur-pediatricos-2025\/\" target=\"_self\" >La cooperaci\u00f3n transfronteriza, un tema abordado en el congreso nacional de los SMUR pedi\u00e1tricos 2025<\/a><\/h3>\n\n<div class=\"has-link-color wp-elements-61eeeb1d6c31f3761cb8bc35b6e1a095 wp-block-post-excerpt has-text-color has-tertiary-color\"><p class=\"wp-block-post-excerpt__excerpt\">Los d\u00edas 16 y 17 de octubre de 2025, el Espacio del Oc\u00e9ano en Anglet acogi\u00f3 la 12a edici\u00f3n de las Jornadas Nacionales de SMUR pedi\u00e1tricos. Profesionales de la salud, m\u00e9dicos de urgencias y actores institucionales se reunieron&hellip; <\/p><\/div>\n\n<a style=\"text-transform:uppercase; border-width:2px; padding-right:var(--wp--preset--spacing--x-small);padding-left:var(--wp--preset--spacing--x-small);padding-top:10px;padding-bottom:10px;\" class=\"wp-block-read-more has-text-color has-foreground-color\" href=\"https:\/\/www.sa-urg.eu\/es\/2025\/11\/04\/la-cooperacion-transfronteriza-un-tema-abordado-en-el-congreso-nacional-de-los-smur-pediatricos-2025\/\" target=\"_self\">Leer m\u00e1s<span class=\"screen-reader-text\">: La cooperaci\u00f3n transfronteriza, un tema abordado en el congreso nacional de los SMUR pedi\u00e1tricos 2025<\/span><\/a>\n<\/li><li class=\"wp-block-post post-2455 post type-post status-publish format-standard has-post-thumbnail hentry category-actualidad\">\n<figure style=\"width:100%;height:240px; margin-bottom:var(--wp--preset--spacing--x-small);\" class=\"wp-block-post-featured-image\"><a href=\"https:\/\/www.sa-urg.eu\/es\/2025\/07\/17\/participacion-de-los-socios-de-sa-urg-en-el-dispositivo-sanitario-de-los-encierros-de-san-fermin-2025\/\" target=\"_self\"  style=\"height:240px\"><img loading=\"lazy\" decoding=\"async\" width=\"500\" height=\"391\" src=\"https:\/\/www.sa-urg.eu\/wp-content\/uploads\/2025\/07\/Foto-grupo-plaza_imagen-destacada.jpg\" class=\"attachment-post-thumbnail size-post-thumbnail wp-post-image\" alt=\"Participaci\u00f3n de los socios de SA-URG en el dispositivo sanitario de los encierros de San Ferm\u00edn 2025\" style=\"border-radius:5px;height:240px;object-fit:cover;\" srcset=\"https:\/\/www.sa-urg.eu\/wp-content\/uploads\/2025\/07\/Foto-grupo-plaza_imagen-destacada.jpg 500w, https:\/\/www.sa-urg.eu\/wp-content\/uploads\/2025\/07\/Foto-grupo-plaza_imagen-destacada-300x235.jpg 300w, https:\/\/www.sa-urg.eu\/wp-content\/uploads\/2025\/07\/Foto-grupo-plaza_imagen-destacada-15x12.jpg 15w\" sizes=\"auto, 100vw\" \/><\/a><\/figure>\n\n<div style=\"margin-top:0;margin-bottom:0;\" class=\"has-link-color wp-elements-a1817b6b9e4eaefd5826fde68b0a8fdb wp-block-post-date has-text-color has-tertiary-color\"><time datetime=\"2025-07-17T12:49:38+02:00\">17 de julio de 2025<\/time><\/div>\n\n<h3 style=\"margin-top:0;margin-bottom:var(--wp--preset--spacing--x-small);\" class=\"has-link-color wp-elements-2e75b4e4fab489cf445e03eda13279d1 wp-block-post-title\"><a href=\"https:\/\/www.sa-urg.eu\/es\/2025\/07\/17\/participacion-de-los-socios-de-sa-urg-en-el-dispositivo-sanitario-de-los-encierros-de-san-fermin-2025\/\" target=\"_self\" >Participaci\u00f3n de los socios de SA-URG en el dispositivo sanitario de los encierros de San Ferm\u00edn 2025<\/a><\/h3>\n\n<div class=\"has-link-color wp-elements-61eeeb1d6c31f3761cb8bc35b6e1a095 wp-block-post-excerpt has-text-color has-tertiary-color\"><p class=\"wp-block-post-excerpt__excerpt\">Entre los d\u00edas 7 y 14 de julio de 2025, varios profesionales sanitarios pertenecientes a los socios del proyecto SA-URG participaron como observadores en el dispositivo sanitario de los encierros de San Ferm\u00edn, en Pamplona. Esta actividad se&hellip; <\/p><\/div>\n\n<a style=\"text-transform:uppercase; border-width:2px; padding-right:var(--wp--preset--spacing--x-small);padding-left:var(--wp--preset--spacing--x-small);padding-top:10px;padding-bottom:10px;\" class=\"wp-block-read-more has-text-color has-foreground-color\" href=\"https:\/\/www.sa-urg.eu\/es\/2025\/07\/17\/participacion-de-los-socios-de-sa-urg-en-el-dispositivo-sanitario-de-los-encierros-de-san-fermin-2025\/\" target=\"_self\">Leer m\u00e1s<span class=\"screen-reader-text\">: Participaci\u00f3n de los socios de SA-URG en el dispositivo sanitario de los encierros de San Ferm\u00edn 2025<\/span><\/a>\n<\/li><li class=\"wp-block-post post-2425 post type-post status-publish format-standard has-post-thumbnail hentry category-actualidad\">\n<figure style=\"width:100%;height:240px; margin-bottom:var(--wp--preset--spacing--x-small);\" class=\"wp-block-post-featured-image\"><a href=\"https:\/\/www.sa-urg.eu\/es\/2025\/06\/11\/primera-formacion-inmersiva-del-proyecto-sa-urg-entrenarse-y-cooperar-para-intervenir-mejor-en-situaciones-de-emergencia-transfronteriza\/\" target=\"_self\"  style=\"height:240px\"><img loading=\"lazy\" decoding=\"async\" width=\"2560\" height=\"1920\" src=\"https:\/\/www.sa-urg.eu\/wp-content\/uploads\/2025\/06\/IMG_1531-scaled.jpeg\" class=\"attachment-post-thumbnail size-post-thumbnail wp-post-image\" alt=\"Primera formaci\u00f3n inmersiva del proyecto SA-URG: entrenarse y cooperar para intervenir mejor en situaciones de emergencia transfronteriza\" style=\"border-radius:5px;height:240px;object-fit:cover;\" srcset=\"https:\/\/www.sa-urg.eu\/wp-content\/uploads\/2025\/06\/IMG_1531-scaled.jpeg 2560w, https:\/\/www.sa-urg.eu\/wp-content\/uploads\/2025\/06\/IMG_1531-300x225.jpeg 300w, https:\/\/www.sa-urg.eu\/wp-content\/uploads\/2025\/06\/IMG_1531-1024x768.jpeg 1024w, https:\/\/www.sa-urg.eu\/wp-content\/uploads\/2025\/06\/IMG_1531-2000x1500.jpeg 2000w, https:\/\/www.sa-urg.eu\/wp-content\/uploads\/2025\/06\/IMG_1531-scaled-16x12.jpeg 16w\" sizes=\"auto, 100vw\" \/><\/a><\/figure>\n\n<div style=\"margin-top:0;margin-bottom:0;\" class=\"has-link-color wp-elements-a1817b6b9e4eaefd5826fde68b0a8fdb wp-block-post-date has-text-color has-tertiary-color\"><time datetime=\"2025-06-11T16:02:34+02:00\">11 de junio de 2025<\/time><\/div>\n\n<h3 style=\"margin-top:0;margin-bottom:var(--wp--preset--spacing--x-small);\" class=\"has-link-color wp-elements-2e75b4e4fab489cf445e03eda13279d1 wp-block-post-title\"><a href=\"https:\/\/www.sa-urg.eu\/es\/2025\/06\/11\/primera-formacion-inmersiva-del-proyecto-sa-urg-entrenarse-y-cooperar-para-intervenir-mejor-en-situaciones-de-emergencia-transfronteriza\/\" target=\"_self\" >Primera formaci\u00f3n inmersiva del proyecto SA-URG: entrenarse y cooperar para intervenir mejor en situaciones de emergencia transfronteriza<\/a><\/h3>\n\n<div class=\"has-link-color wp-elements-61eeeb1d6c31f3761cb8bc35b6e1a095 wp-block-post-excerpt has-text-color has-tertiary-color\"><p class=\"wp-block-post-excerpt__excerpt\">El pasado 29 y 30 de abril, el Centro Hospitalario Universitario (CHU) de Toulouse Purpan acogi\u00f3 la primera formaci\u00f3n del proyecto europeo POCTEFA SA-URG, una importante iniciativa para reforzar la respuesta a las situaciones de emergencia y cat\u00e1strofe&hellip; <\/p><\/div>\n\n<a style=\"text-transform:uppercase; border-width:2px; padding-right:var(--wp--preset--spacing--x-small);padding-left:var(--wp--preset--spacing--x-small);padding-top:10px;padding-bottom:10px;\" class=\"wp-block-read-more has-text-color has-foreground-color\" href=\"https:\/\/www.sa-urg.eu\/es\/2025\/06\/11\/primera-formacion-inmersiva-del-proyecto-sa-urg-entrenarse-y-cooperar-para-intervenir-mejor-en-situaciones-de-emergencia-transfronteriza\/\" target=\"_self\">Leer m\u00e1s<span class=\"screen-reader-text\">: Primera formaci\u00f3n inmersiva del proyecto SA-URG: entrenarse y cooperar para intervenir mejor en situaciones de emergencia transfronteriza<\/span><\/a>\n<\/li><li class=\"wp-block-post post-2279 post type-post status-publish format-standard has-post-thumbnail hentry category-actualidad\">\n<figure style=\"width:100%;height:240px; margin-bottom:var(--wp--preset--spacing--x-small);\" class=\"wp-block-post-featured-image\"><a href=\"https:\/\/www.sa-urg.eu\/es\/2025\/03\/20\/de-la-necesidad-de-la-cooperacion-transfronteriza-de-urgencia-sanitaria-balance-y-conclusiones-del-accidente-de-autobus-en-porte-puymorens\/\" target=\"_self\"  style=\"height:240px\"><img loading=\"lazy\" decoding=\"async\" width=\"425\" height=\"240\" src=\"https:\/\/www.sa-urg.eu\/wp-content\/uploads\/2025\/03\/autobus.jpg\" class=\"attachment-post-thumbnail size-post-thumbnail wp-post-image\" alt=\"De la necesidad de la cooperaci\u00f3n transfronteriza de urgencia sanitaria: balance y conclusiones del accidente de autob\u00fas en Port\u00e9-Puymorens\" style=\"border-radius:5px;height:240px;object-fit:cover;\" srcset=\"https:\/\/www.sa-urg.eu\/wp-content\/uploads\/2025\/03\/autobus.jpg 425w, https:\/\/www.sa-urg.eu\/wp-content\/uploads\/2025\/03\/autobus-300x169.jpg 300w, https:\/\/www.sa-urg.eu\/wp-content\/uploads\/2025\/03\/autobus-18x10.jpg 18w\" sizes=\"auto, 100vw\" \/><\/a><\/figure>\n\n<div style=\"margin-top:0;margin-bottom:0;\" class=\"has-link-color wp-elements-a1817b6b9e4eaefd5826fde68b0a8fdb wp-block-post-date has-text-color has-tertiary-color\"><time datetime=\"2025-03-20T12:29:02+01:00\">20 de marzo de 2025<\/time><\/div>\n\n<h3 style=\"margin-top:0;margin-bottom:var(--wp--preset--spacing--x-small);\" class=\"has-link-color wp-elements-2e75b4e4fab489cf445e03eda13279d1 wp-block-post-title\"><a href=\"https:\/\/www.sa-urg.eu\/es\/2025\/03\/20\/de-la-necesidad-de-la-cooperacion-transfronteriza-de-urgencia-sanitaria-balance-y-conclusiones-del-accidente-de-autobus-en-porte-puymorens\/\" target=\"_self\" >De la necesidad de la cooperaci\u00f3n transfronteriza de urgencia sanitaria: balance y conclusiones del accidente de autob\u00fas en Port\u00e9-Puymorens<\/a><\/h3>\n\n<div class=\"has-link-color wp-elements-61eeeb1d6c31f3761cb8bc35b6e1a095 wp-block-post-excerpt has-text-color has-tertiary-color\"><p class=\"wp-block-post-excerpt__excerpt\">El 1 de diciembre de 2024, un tr\u00e1gico accidente de coche en la RN 320, en Port\u00e9-Puymorens, puso a dura prueba los dispositivos de socorro transfronterizos. Un autocar espa\u00f1ol que regresaba de Andorra choc\u00f3 contra una pared rocosa,&hellip; <\/p><\/div>\n\n<a style=\"text-transform:uppercase; border-width:2px; padding-right:var(--wp--preset--spacing--x-small);padding-left:var(--wp--preset--spacing--x-small);padding-top:10px;padding-bottom:10px;\" class=\"wp-block-read-more has-text-color has-foreground-color\" href=\"https:\/\/www.sa-urg.eu\/es\/2025\/03\/20\/de-la-necesidad-de-la-cooperacion-transfronteriza-de-urgencia-sanitaria-balance-y-conclusiones-del-accidente-de-autobus-en-porte-puymorens\/\" target=\"_self\">Leer m\u00e1s<span class=\"screen-reader-text\">: De la necesidad de la cooperaci\u00f3n transfronteriza de urgencia sanitaria: balance y conclusiones del accidente de autob\u00fas en Port\u00e9-Puymorens<\/span><\/a>\n<\/li><li class=\"wp-block-post post-993 post type-post status-publish format-standard has-post-thumbnail hentry category-actualidad\">\n<figure style=\"width:100%;height:240px; margin-bottom:var(--wp--preset--spacing--x-small);\" class=\"wp-block-post-featured-image\"><a href=\"https:\/\/www.sa-urg.eu\/es\/2024\/12\/05\/seguimiento-del-proyecto-y-experiencias-navarras\/\" target=\"_self\"  style=\"height:240px\"><img loading=\"lazy\" decoding=\"async\" width=\"600\" height=\"400\" src=\"https:\/\/www.sa-urg.eu\/wp-content\/uploads\/2024\/12\/cabecera_noticia.jpg\" class=\"attachment-post-thumbnail size-post-thumbnail wp-post-image\" alt=\"Seguimiento del proyecto y experiencias navarras\" style=\"border-radius:5px;height:240px;object-fit:cover;\" srcset=\"https:\/\/www.sa-urg.eu\/wp-content\/uploads\/2024\/12\/cabecera_noticia.jpg 600w, https:\/\/www.sa-urg.eu\/wp-content\/uploads\/2024\/12\/cabecera_noticia-300x200.jpg 300w, https:\/\/www.sa-urg.eu\/wp-content\/uploads\/2024\/12\/cabecera_noticia-18x12.jpg 18w\" sizes=\"auto, 100vw\" \/><\/a><\/figure>\n\n<div style=\"margin-top:0;margin-bottom:0;\" class=\"has-link-color wp-elements-a1817b6b9e4eaefd5826fde68b0a8fdb wp-block-post-date has-text-color has-tertiary-color\"><time datetime=\"2024-12-05T13:35:18+01:00\">5 de diciembre de 2024<\/time><\/div>\n\n<h3 style=\"margin-top:0;margin-bottom:var(--wp--preset--spacing--x-small);\" class=\"has-link-color wp-elements-2e75b4e4fab489cf445e03eda13279d1 wp-block-post-title\"><a href=\"https:\/\/www.sa-urg.eu\/es\/2024\/12\/05\/seguimiento-del-proyecto-y-experiencias-navarras\/\" target=\"_self\" >Seguimiento del proyecto y experiencias navarras<\/a><\/h3>\n\n<div class=\"has-link-color wp-elements-61eeeb1d6c31f3761cb8bc35b6e1a095 wp-block-post-excerpt has-text-color has-tertiary-color\"><p class=\"wp-block-post-excerpt__excerpt\">Los d\u00edas 27 y 28 de noviembre de 2014, los socios del proyecto SA-URG se reunieron en las instalaciones de Navarrabiomed en Pamplona-Iru\u00f1a con el objetivo de realizar un seguimiento detallado del desarrollo del proyecto. Durante el encuentro,&hellip; <\/p><\/div>\n\n<a style=\"text-transform:uppercase; border-width:2px; padding-right:var(--wp--preset--spacing--x-small);padding-left:var(--wp--preset--spacing--x-small);padding-top:10px;padding-bottom:10px;\" class=\"wp-block-read-more has-text-color has-foreground-color\" href=\"https:\/\/www.sa-urg.eu\/es\/2024\/12\/05\/seguimiento-del-proyecto-y-experiencias-navarras\/\" target=\"_self\">Leer m\u00e1s<span class=\"screen-reader-text\">: Seguimiento del proyecto y experiencias navarras<\/span><\/a>\n<\/li><li class=\"wp-block-post post-971 post type-post status-publish format-standard has-post-thumbnail hentry category-actualidad\">\n<figure style=\"width:100%;height:240px; margin-bottom:var(--wp--preset--spacing--x-small);\" class=\"wp-block-post-featured-image\"><a href=\"https:\/\/www.sa-urg.eu\/es\/2024\/08\/14\/la-primera-reunion-de-trabajo-en-bayona-asienta-las-bases-del-proyecto-sa-urg\/\" target=\"_self\"  style=\"height:240px\"><img loading=\"lazy\" decoding=\"async\" width=\"417\" height=\"417\" src=\"https:\/\/www.sa-urg.eu\/wp-content\/uploads\/2024\/08\/cabecera_noticia_bayona_417x417.jpg\" class=\"attachment-post-thumbnail size-post-thumbnail wp-post-image\" alt=\"La primera reuni\u00f3n de trabajo en Bayona asienta las bases del proyecto SA-URG\" style=\"border-radius:5px;height:240px;object-fit:cover;\" srcset=\"https:\/\/www.sa-urg.eu\/wp-content\/uploads\/2024\/08\/cabecera_noticia_bayona_417x417.jpg 417w, https:\/\/www.sa-urg.eu\/wp-content\/uploads\/2024\/08\/cabecera_noticia_bayona_417x417-300x300.jpg 300w, https:\/\/www.sa-urg.eu\/wp-content\/uploads\/2024\/08\/cabecera_noticia_bayona_417x417-150x150.jpg 150w, https:\/\/www.sa-urg.eu\/wp-content\/uploads\/2024\/08\/cabecera_noticia_bayona_417x417-12x12.jpg 12w\" sizes=\"auto, 100vw\" \/><\/a><\/figure>\n\n<div style=\"margin-top:0;margin-bottom:0;\" class=\"has-link-color wp-elements-a1817b6b9e4eaefd5826fde68b0a8fdb wp-block-post-date has-text-color has-tertiary-color\"><time datetime=\"2024-08-14T13:14:51+02:00\">14 de agosto de 2024<\/time><\/div>\n\n<h3 style=\"margin-top:0;margin-bottom:var(--wp--preset--spacing--x-small);\" class=\"has-link-color wp-elements-2e75b4e4fab489cf445e03eda13279d1 wp-block-post-title\"><a href=\"https:\/\/www.sa-urg.eu\/es\/2024\/08\/14\/la-primera-reunion-de-trabajo-en-bayona-asienta-las-bases-del-proyecto-sa-urg\/\" target=\"_self\" >La primera reuni\u00f3n de trabajo en Bayona asienta las bases del proyecto SA-URG<\/a><\/h3>\n\n<div class=\"has-link-color wp-elements-61eeeb1d6c31f3761cb8bc35b6e1a095 wp-block-post-excerpt has-text-color has-tertiary-color\"><p class=\"wp-block-post-excerpt__excerpt\">Los socios SA-URG se han reunido en Bayona para poner en marcha las acciones del proyecto. Este primer encuentro ha sido una buena ocasi\u00f3n para que cada socio presente la organizaci\u00f3n sanitaria de urgencia de su zona antes&hellip; <\/p><\/div>\n\n<a style=\"text-transform:uppercase; border-width:2px; padding-right:var(--wp--preset--spacing--x-small);padding-left:var(--wp--preset--spacing--x-small);padding-top:10px;padding-bottom:10px;\" class=\"wp-block-read-more has-text-color has-foreground-color\" href=\"https:\/\/www.sa-urg.eu\/es\/2024\/08\/14\/la-primera-reunion-de-trabajo-en-bayona-asienta-las-bases-del-proyecto-sa-urg\/\" target=\"_self\">Leer m\u00e1s<span class=\"screen-reader-text\">: La primera reuni\u00f3n de trabajo en Bayona asienta las bases del proyecto SA-URG<\/span><\/a>\n<\/li><li class=\"wp-block-post post-604 post type-post status-publish format-standard has-post-thumbnail hentry category-actualidad\">\n<figure style=\"width:100%;height:240px; margin-bottom:var(--wp--preset--spacing--x-small);\" class=\"wp-block-post-featured-image\"><a href=\"https:\/\/www.sa-urg.eu\/es\/2024\/05\/06\/sa-urg-una-respuesta-pirenaica-a-los-retos-de-gestion-de-urgencias-en-la-zona-transfronteriza\/\" target=\"_self\"  style=\"height:240px\"><img loading=\"lazy\" decoding=\"async\" width=\"417\" height=\"417\" src=\"https:\/\/www.sa-urg.eu\/wp-content\/uploads\/2024\/05\/cabecera_03-1.jpg\" class=\"attachment-post-thumbnail size-post-thumbnail wp-post-image\" alt=\"SA-URG: una respuesta pirenaica a los retos de gesti\u00f3n de urgencias en la zona transfronteriza\" style=\"border-radius:5px;height:240px;object-fit:cover;\" srcset=\"https:\/\/www.sa-urg.eu\/wp-content\/uploads\/2024\/05\/cabecera_03-1.jpg 417w, https:\/\/www.sa-urg.eu\/wp-content\/uploads\/2024\/05\/cabecera_03-1-300x300.jpg 300w, https:\/\/www.sa-urg.eu\/wp-content\/uploads\/2024\/05\/cabecera_03-1-150x150.jpg 150w, https:\/\/www.sa-urg.eu\/wp-content\/uploads\/2024\/05\/cabecera_03-1-12x12.jpg 12w\" sizes=\"auto, 100vw\" \/><\/a><\/figure>\n\n<div style=\"margin-top:0;margin-bottom:0;\" class=\"has-link-color wp-elements-a1817b6b9e4eaefd5826fde68b0a8fdb wp-block-post-date has-text-color has-tertiary-color\"><time datetime=\"2024-05-06T14:11:35+02:00\">6 de mayo de 2024<\/time><\/div>\n\n<h3 style=\"margin-top:0;margin-bottom:var(--wp--preset--spacing--x-small);\" class=\"has-link-color wp-elements-2e75b4e4fab489cf445e03eda13279d1 wp-block-post-title\"><a href=\"https:\/\/www.sa-urg.eu\/es\/2024\/05\/06\/sa-urg-una-respuesta-pirenaica-a-los-retos-de-gestion-de-urgencias-en-la-zona-transfronteriza\/\" target=\"_self\" >SA-URG: una respuesta pirenaica a los retos de gesti\u00f3n de urgencias en la zona transfronteriza<\/a><\/h3>\n\n<div class=\"has-link-color wp-elements-61eeeb1d6c31f3761cb8bc35b6e1a095 wp-block-post-excerpt has-text-color has-tertiary-color\"><p class=\"wp-block-post-excerpt__excerpt\">El proyecto SA-URG se ha presentado recientemente durante los Encuentros internacionales de respuesta a la cat\u00e1strofe en Toulouse. El lanzamiento oficial de SA-URG tuvo lugar recientemente en Toulouse, en el marco de los Encuentros internacionales de respuesta a&hellip; <\/p><\/div>\n\n<a style=\"text-transform:uppercase; border-width:2px; padding-right:var(--wp--preset--spacing--x-small);padding-left:var(--wp--preset--spacing--x-small);padding-top:10px;padding-bottom:10px;\" class=\"wp-block-read-more has-text-color has-foreground-color\" href=\"https:\/\/www.sa-urg.eu\/es\/2024\/05\/06\/sa-urg-una-respuesta-pirenaica-a-los-retos-de-gestion-de-urgencias-en-la-zona-transfronteriza\/\" target=\"_self\">Leer m\u00e1s<span class=\"screen-reader-text\">: SA-URG: una respuesta pirenaica a los retos de gesti\u00f3n de urgencias en la zona transfronteriza<\/span><\/a>\n<\/li><li class=\"wp-block-post post-25 post type-post status-publish format-standard has-post-thumbnail hentry category-actualidad\">\n<figure style=\"width:100%;height:240px; margin-bottom:var(--wp--preset--spacing--x-small);\" class=\"wp-block-post-featured-image\"><a href=\"https:\/\/www.sa-urg.eu\/es\/2024\/04\/23\/evento\/\" target=\"_self\"  style=\"height:240px\"><img loading=\"lazy\" decoding=\"async\" width=\"600\" height=\"400\" src=\"https:\/\/www.sa-urg.eu\/wp-content\/uploads\/2024\/04\/Cabecera-evento02.jpg\" class=\"attachment-post-thumbnail size-post-thumbnail wp-post-image\" alt=\"Evento: 2\u00ba Encuentros internacionales de respuesta a la cat\u00e1strofe\" style=\"border-radius:5px;height:240px;object-fit:cover;\" srcset=\"https:\/\/www.sa-urg.eu\/wp-content\/uploads\/2024\/04\/Cabecera-evento02.jpg 600w, https:\/\/www.sa-urg.eu\/wp-content\/uploads\/2024\/04\/Cabecera-evento02-300x200.jpg 300w, https:\/\/www.sa-urg.eu\/wp-content\/uploads\/2024\/04\/Cabecera-evento02-18x12.jpg 18w\" sizes=\"auto, 100vw\" \/><\/a><\/figure>\n\n<div style=\"margin-top:0;margin-bottom:0;\" class=\"has-link-color wp-elements-a1817b6b9e4eaefd5826fde68b0a8fdb wp-block-post-date has-text-color has-tertiary-color\"><time datetime=\"2024-04-23T14:49:08+02:00\">23 de abril de 2024<\/time><\/div>\n\n<h3 style=\"margin-top:0;margin-bottom:var(--wp--preset--spacing--x-small);\" class=\"has-link-color wp-elements-2e75b4e4fab489cf445e03eda13279d1 wp-block-post-title\"><a href=\"https:\/\/www.sa-urg.eu\/es\/2024\/04\/23\/evento\/\" target=\"_self\" >Evento: 2\u00ba Encuentros internacionales de respuesta a la cat\u00e1strofe<\/a><\/h3>\n\n<div class=\"has-link-color wp-elements-61eeeb1d6c31f3761cb8bc35b6e1a095 wp-block-post-excerpt has-text-color has-tertiary-color\"><p class=\"wp-block-post-excerpt__excerpt\">Eventos 2\u00ba Encuentros internacionales de respuesta a la cat\u00e1strofe Toulouse del 24 al 26 de abril de 2024 El Centro de Respuesta al Desastre (CRC) de Toulouse organiza los 2\u00ba Encuentros internacionales de respuesta a la cat\u00e1strofe, que&hellip; <\/p><\/div>\n\n<a style=\"text-transform:uppercase; border-width:2px; padding-right:var(--wp--preset--spacing--x-small);padding-left:var(--wp--preset--spacing--x-small);padding-top:10px;padding-bottom:10px;\" class=\"wp-block-read-more has-text-color has-foreground-color\" href=\"https:\/\/www.sa-urg.eu\/es\/2024\/04\/23\/evento\/\" target=\"_self\">Leer m\u00e1s<span class=\"screen-reader-text\">: Evento: 2\u00ba Encuentros internacionales de respuesta a la cat\u00e1strofe<\/span><\/a>\n<\/li><\/ul>\n\n<\/div>\n<\/div>\n","protected":false},"excerpt":{"rendered":"<p>Latest News<\/p>\n","protected":false},"author":1,"featured_media":0,"parent":0,"menu_order":0,"comment_status":"closed","ping_status":"closed","template":"","meta":{"_themeisle_gutenberg_block_has_review":false,"footnotes":""},"class_list":["post-608","page","type-page","status-publish","hentry"],"_links":{"self":[{"href":"https:\/\/www.sa-urg.eu\/es\/wp-json\/wp\/v2\/pages\/608","targetHints":{"allow":["GET"]}}],"collection":[{"href":"https:\/\/www.sa-urg.eu\/es\/wp-json\/wp\/v2\/pages"}],"about":[{"href":"https:\/\/www.sa-urg.eu\/es\/wp-json\/wp\/v2\/types\/page"}],"author":[{"embeddable":true,"href":"https:\/\/www.sa-urg.eu\/es\/wp-json\/wp\/v2\/users\/1"}],"replies":[{"embeddable":true,"href":"https:\/\/www.sa-urg.eu\/es\/wp-json\/wp\/v2\/comments?post=608"}],"version-history":[{"count":24,"href":"https:\/\/www.sa-urg.eu\/es\/wp-json\/wp\/v2\/pages\/608\/revisions"}],"predecessor-version":[{"id":2561,"href":"https:\/\/www.sa-urg.eu\/es\/wp-json\/wp\/v2\/pages\/608\/revisions\/2561"}],"wp:attachment":[{"href":"https:\/\/www.sa-urg.eu\/es\/wp-json\/wp\/v2\/media?parent=608"}],"curies":[{"name":"wp","href":"https:\/\/api.w.org\/{rel}","templated":true}]}}